{"id":98179,"date":"2025-01-24T14:33:04","date_gmt":"2025-01-24T13:33:04","guid":{"rendered":"https:\/\/www.velomobileworld.com\/faq\/wie-verhalt-sich-das-alpha-9-2-bei-unterschiedlichen-wetterbedingungen\/"},"modified":"2025-07-11T06:53:37","modified_gmt":"2025-07-11T04:53:37","slug":"wie-verhalt-sich-das-alpha-9-2-bei-unterschiedlichen-wetterbedingungen","status":"publish","type":"faq","link":"https:\/\/www.velomobileworld.com\/fr\/faq\/wie-verhalt-sich-das-alpha-9-2-bei-unterschiedlichen-wetterbedingungen\/","title":{"rendered":"Comment se comporte l\u2019Alpha 9.2 dans diff\u00e9rentes conditions m\u00e9t\u00e9orologiques ?"},"content":{"rendered":"<p>Le syst\u00e8me de capot bien con\u00e7u emp\u00eache la formation de bu\u00e9e par temps froid ou humide, tandis que les passages de roue ferm\u00e9s prot\u00e8gent contre les \u00e9claboussures. Le design assure une excellente stabilit\u00e9, m\u00eame en cas de vent lat\u00e9ral.<\/p>\n","protected":false},"featured_media":0,"template":"","faqs_cat":[719],"class_list":["post-98179","faq","type-faq","status-publish","hentry","faqs_cat-alpha-9-2"],"acf":[],"yoast_head":"<!-- This site is optimized with the Yoast SEO plugin v27.5 - https:\/\/yoast.com\/product\/yoast-seo-wordpress\/ -->\n<title>Comment se comporte l\u2019Alpha 9.2 dans diff\u00e9rentes conditions m\u00e9t\u00e9orologiques ? - Velomobile World<\/title>\n<meta name=\"robots\" content=\"index, follow, max-snippet:-1, max-image-preview:large, max-video-preview:-1\" \/>\n<link rel=\"canonical\" href=\"https:\/\/www.velomobileworld.com\/fr\/faq\/wie-verhalt-sich-das-alpha-9-2-bei-unterschiedlichen-wetterbedingungen\/\" \/>\n<meta property=\"og:locale\" content=\"fr_FR\" \/>\n<meta property=\"og:type\" content=\"article\" \/>\n<meta property=\"og:title\" content=\"Comment se comporte l\u2019Alpha 9.2 dans diff\u00e9rentes conditions m\u00e9t\u00e9orologiques ? - Velomobile World\" \/>\n<meta property=\"og:description\" content=\"Le syst\u00e8me de capot bien con\u00e7u emp\u00eache la formation de bu\u00e9e par temps froid ou humide, tandis que les passages [&hellip;]\" \/>\n<meta property=\"og:url\" content=\"https:\/\/www.velomobileworld.com\/fr\/faq\/wie-verhalt-sich-das-alpha-9-2-bei-unterschiedlichen-wetterbedingungen\/\" \/>\n<meta property=\"og:site_name\" content=\"Velomobile World\" \/>\n<meta property=\"article:modified_time\" content=\"2025-07-11T04:53:37+00:00\" \/>\n<meta name=\"twitter:card\" content=\"summary_large_image\" \/>\n<script type=\"application\/ld+json\" class=\"yoast-schema-graph\">{\"@context\":\"https:\\\/\\\/schema.org\",\"@graph\":[{\"@type\":\"WebPage\",\"@id\":\"https:\\\/\\\/www.velomobileworld.com\\\/fr\\\/faq\\\/wie-verhalt-sich-das-alpha-9-2-bei-unterschiedlichen-wetterbedingungen\\\/\",\"url\":\"https:\\\/\\\/www.velomobileworld.com\\\/fr\\\/faq\\\/wie-verhalt-sich-das-alpha-9-2-bei-unterschiedlichen-wetterbedingungen\\\/\",\"name\":\"Comment se comporte l\u2019Alpha 9.2 dans diff\u00e9rentes conditions m\u00e9t\u00e9orologiques ? - Velomobile World\",\"isPartOf\":{\"@id\":\"https:\\\/\\\/www.velomobileworld.com\\\/nl\\\/#website\"},\"datePublished\":\"2025-01-24T13:33:04+00:00\",\"dateModified\":\"2025-07-11T04:53:37+00:00\",\"breadcrumb\":{\"@id\":\"https:\\\/\\\/www.velomobileworld.com\\\/fr\\\/faq\\\/wie-verhalt-sich-das-alpha-9-2-bei-unterschiedlichen-wetterbedingungen\\\/#breadcrumb\"},\"inLanguage\":\"fr-FR\",\"potentialAction\":[{\"@type\":\"ReadAction\",\"target\":[\"https:\\\/\\\/www.velomobileworld.com\\\/fr\\\/faq\\\/wie-verhalt-sich-das-alpha-9-2-bei-unterschiedlichen-wetterbedingungen\\\/\"]}]},{\"@type\":\"BreadcrumbList\",\"@id\":\"https:\\\/\\\/www.velomobileworld.com\\\/fr\\\/faq\\\/wie-verhalt-sich-das-alpha-9-2-bei-unterschiedlichen-wetterbedingungen\\\/#breadcrumb\",\"itemListElement\":[{\"@type\":\"ListItem\",\"position\":1,\"name\":\"Home\",\"item\":\"https:\\\/\\\/www.velomobileworld.com\\\/fr\\\/\"},{\"@type\":\"ListItem\",\"position\":2,\"name\":\"FAQ\",\"item\":\"https:\\\/\\\/www.velomobileworld.com\\\/faq\\\/\"},{\"@type\":\"ListItem\",\"position\":3,\"name\":\"Comment se comporte l\u2019Alpha 9.2 dans diff\u00e9rentes conditions m\u00e9t\u00e9orologiques ?\"}]},{\"@type\":\"WebSite\",\"@id\":\"https:\\\/\\\/www.velomobileworld.com\\\/nl\\\/#website\",\"url\":\"https:\\\/\\\/www.velomobileworld.com\\\/nl\\\/\",\"name\":\"Velomobile World\",\"description\":\"\",\"potentialAction\":[{\"@type\":\"SearchAction\",\"target\":{\"@type\":\"EntryPoint\",\"urlTemplate\":\"https:\\\/\\\/www.velomobileworld.com\\\/nl\\\/?s={search_term_string}\"},\"query-input\":{\"@type\":\"PropertyValueSpecification\",\"valueRequired\":true,\"valueName\":\"search_term_string\"}}],\"inLanguage\":\"fr-FR\"}]}<\/script>\n<!-- \/ Yoast SEO plugin. -->","yoast_head_json":{"title":"Comment se comporte l\u2019Alpha 9.2 dans diff\u00e9rentes conditions m\u00e9t\u00e9orologiques ? - Velomobile World","robots":{"index":"index","follow":"follow","max-snippet":"max-snippet:-1","max-image-preview":"max-image-preview:large","max-video-preview":"max-video-preview:-1"},"canonical":"https:\/\/www.velomobileworld.com\/fr\/faq\/wie-verhalt-sich-das-alpha-9-2-bei-unterschiedlichen-wetterbedingungen\/","og_locale":"fr_FR","og_type":"article","og_title":"Comment se comporte l\u2019Alpha 9.2 dans diff\u00e9rentes conditions m\u00e9t\u00e9orologiques ? - Velomobile World","og_description":"Le syst\u00e8me de capot bien con\u00e7u emp\u00eache la formation de bu\u00e9e par temps froid ou humide, tandis que les passages [&hellip;]","og_url":"https:\/\/www.velomobileworld.com\/fr\/faq\/wie-verhalt-sich-das-alpha-9-2-bei-unterschiedlichen-wetterbedingungen\/","og_site_name":"Velomobile World","article_modified_time":"2025-07-11T04:53:37+00:00","twitter_card":"summary_large_image","schema":{"@context":"https:\/\/schema.org","@graph":[{"@type":"WebPage","@id":"https:\/\/www.velomobileworld.com\/fr\/faq\/wie-verhalt-sich-das-alpha-9-2-bei-unterschiedlichen-wetterbedingungen\/","url":"https:\/\/www.velomobileworld.com\/fr\/faq\/wie-verhalt-sich-das-alpha-9-2-bei-unterschiedlichen-wetterbedingungen\/","name":"Comment se comporte l\u2019Alpha 9.2 dans diff\u00e9rentes conditions m\u00e9t\u00e9orologiques ? - Velomobile World","isPartOf":{"@id":"https:\/\/www.velomobileworld.com\/nl\/#website"},"datePublished":"2025-01-24T13:33:04+00:00","dateModified":"2025-07-11T04:53:37+00:00","breadcrumb":{"@id":"https:\/\/www.velomobileworld.com\/fr\/faq\/wie-verhalt-sich-das-alpha-9-2-bei-unterschiedlichen-wetterbedingungen\/#breadcrumb"},"inLanguage":"fr-FR","potentialAction":[{"@type":"ReadAction","target":["https:\/\/www.velomobileworld.com\/fr\/faq\/wie-verhalt-sich-das-alpha-9-2-bei-unterschiedlichen-wetterbedingungen\/"]}]},{"@type":"BreadcrumbList","@id":"https:\/\/www.velomobileworld.com\/fr\/faq\/wie-verhalt-sich-das-alpha-9-2-bei-unterschiedlichen-wetterbedingungen\/#breadcrumb","itemListElement":[{"@type":"ListItem","position":1,"name":"Home","item":"https:\/\/www.velomobileworld.com\/fr\/"},{"@type":"ListItem","position":2,"name":"FAQ","item":"https:\/\/www.velomobileworld.com\/faq\/"},{"@type":"ListItem","position":3,"name":"Comment se comporte l\u2019Alpha 9.2 dans diff\u00e9rentes conditions m\u00e9t\u00e9orologiques ?"}]},{"@type":"WebSite","@id":"https:\/\/www.velomobileworld.com\/nl\/#website","url":"https:\/\/www.velomobileworld.com\/nl\/","name":"Velomobile World","description":"","potentialAction":[{"@type":"SearchAction","target":{"@type":"EntryPoint","urlTemplate":"https:\/\/www.velomobileworld.com\/nl\/?s={search_term_string}"},"query-input":{"@type":"PropertyValueSpecification","valueRequired":true,"valueName":"search_term_string"}}],"inLanguage":"fr-FR"}]}},"_links":{"self":[{"href":"https:\/\/www.velomobileworld.com\/fr\/wp-json\/wp\/v2\/faq\/98179","targetHints":{"allow":["GET"]}}],"collection":[{"href":"https:\/\/www.velomobileworld.com\/fr\/wp-json\/wp\/v2\/faq"}],"about":[{"href":"https:\/\/www.velomobileworld.com\/fr\/wp-json\/wp\/v2\/types\/faq"}],"wp:attachment":[{"href":"https:\/\/www.velomobileworld.com\/fr\/wp-json\/wp\/v2\/media?parent=98179"}],"wp:term":[{"taxonomy":"faqs_cat","embeddable":true,"href":"https:\/\/www.velomobileworld.com\/fr\/wp-json\/wp\/v2\/faqs_cat?post=98179"}],"curies":[{"name":"wp","href":"https:\/\/api.w.org\/{rel}","templated":true}]}}