{"id":97967,"date":"2024-10-16T13:11:24","date_gmt":"2024-10-16T11:11:24","guid":{"rendered":"https:\/\/www.velomobileworld.com\/?post_type=product&#038;p=97967"},"modified":"2026-02-19T07:31:10","modified_gmt":"2026-02-19T06:31:10","slug":"alpha-m9","status":"publish","type":"product","link":"https:\/\/www.velomobileworld.com\/fr\/product\/alpha-m9\/","title":{"rendered":"Alpha M9"},"content":{"rendered":"<p class=\"\" data-start=\"0\" data-end=\"349\">Le velomobile Alpha M9 repr\u00e9sente l&rsquo;\u00e9quilibre parfait entre praticit\u00e9 quotidienne et performance cycliste de haut niveau. En tant que mod\u00e8le compact du Alpha 9.2, ce chef-d&rsquo;\u0153uvre en fibre de carbone offre une stabilit\u00e9, un espace de rangement et un confort incomparables tout en maintenant des capacit\u00e9s a\u00e9rodynamiques et de vitesse exceptionnelles.<\/p>\n<p class=\"\" data-start=\"351\" data-end=\"815\">Avec son design r\u00e9volutionnaire, le M9 pr\u00e9sente des arches de roue ferm\u00e9es et une largeur optimis\u00e9e de 74 cm, offrant \u00e0 la fois stabilit\u00e9 et accessibilit\u00e9 \u2013 il passe par les portes standard tout en offrant une capacit\u00e9 de stockage de classe mondiale. La conception a\u00e9rodynamique innovante cr\u00e9e un flux d&rsquo;air contr\u00f4l\u00e9 et constant gr\u00e2ce \u00e0 des ouvertures strat\u00e9giquement plac\u00e9es, garantissant une ventilation optimale m\u00eame lors de trajets intenses ou par temps chaud.<\/p>\n<p class=\"\" data-start=\"817\" data-end=\"1264\">La construction en fibre de carbone avec \u00e9poxy du M9 offre une rigidit\u00e9 exceptionnelle et une maniabilit\u00e9 r\u00e9active, tandis que le syst\u00e8me de suspension \u00e0 \u00e9lastom\u00e8res assure une conduite confortable sur diverses surfaces de route. Le cockpit spacieux accueille les conducteurs mesurant de 165 cm \u00e0 195 cm de hauteur, avec un design de si\u00e8ge ultra-rigide qui garantit un transfert de puissance maximal et un confort optimal lors des longues sorties.<\/p>\n<p class=\"\" data-start=\"1266\" data-end=\"1714\">Les caract\u00e9ristiques pratiques incluent des trappes de maintenance g\u00e9n\u00e9reuses pour un acc\u00e8s facile, des roues avant \u00e0 d\u00e9gagement rapide, et des r\u00e9troviseurs int\u00e9gr\u00e9s qui pr\u00e9servent l&rsquo;efficacit\u00e9 a\u00e9rodynamique tout en offrant une excellente visibilit\u00e9 arri\u00e8re. Le velomobile est \u00e9quip\u00e9 de syst\u00e8mes d&rsquo;\u00e9clairage de haute qualit\u00e9, y compris des feux de jour, et offre un grand espace de rangement pour les besoins de randonn\u00e9e et de transport quotidien.<\/p>\n","protected":false},"excerpt":{"rendered":"<p>Le velomobile Alpha M9 combine la praticit\u00e9 quotidienne et la performance cycliste de haut niveau dans un design \u00e9pur\u00e9 en fibre de carbone. Avec une a\u00e9rodynamique exceptionnelle, un grand espace de rangement et une position de conduite confortable, il est parfait tant pour les trajets quotidiens que pour les randonn\u00e9es longues distances. L&rsquo;M9 s&rsquo;adapte aux conducteurs mesurant de 165 cm \u00e0 195 cm et offre une stabilit\u00e9 in\u00e9gal\u00e9e ainsi qu&rsquo;une protection contre les intemp\u00e9ries tout en maintenant une maniabilit\u00e9 facile \u00e0 travers les portes standard.<\/p>\n<p>\u00c0 partir de : 10 868 EURO hors taxes \u2013 l\u00e0 o\u00f9 la performance et la passion se rencontrent.<\/p>\n","protected":false},"featured_media":76990,"template":"","meta":{"_acf_changed":false},"product_brand":[],"product_cat":[816,819],"product_tag":[831,825,828],"class_list":{"0":"post-97967","1":"product","2":"type-product","3":"status-publish","4":"has-post-thumbnail","6":"product_cat-configure-your-velomobile-fr","7":"product_cat-velomobile-fr","8":"product_tag-comfortable-fr","9":"product_tag-fast-fr","10":"product_tag-highline-fr","12":"first","13":"instock","14":"sold-individually","15":"taxable","16":"shipping-taxable","17":"purchasable","18":"product-type-composite"},"composite_virtual":false,"composite_layout":"paged","composite_add_to_cart_form_location":"default","composite_editable_in_cart":false,"composite_sold_individually_context":"product","composite_shop_price_calc":"defaults","composite_components":[{"id":"1682640149","title":"Colors","description":"","query_type":"product_ids","query_ids":[2779],"default_option_id":115361,"thumbnail_id":"","thumbnail_src":"","quantity_min":1,"quantity_max":1,"priced_individually":true,"shipped_individually":false,"optional":false,"discount":"","options_style":"dropdowns","pagination_style":"classic","display_prices":"absolute","show_sorting_options":false,"show_filtering_options":false,"attribute_filter_ids":[],"select_action":"view","product_title_visible":false,"product_descr_visible":false,"product_price_visible":false,"product_thumb_visible":true,"subtotal_visible_product":true,"subtotal_visible_cart":true,"subtotal_visible_orders":true},{"id":"1682640150","title":"Electra","description":"","query_type":"product_ids","query_ids":[2755],"default_option_id":115382,"thumbnail_id":"","thumbnail_src":"","quantity_min":1,"quantity_max":1,"priced_individually":true,"shipped_individually":false,"optional":false,"discount":"","options_style":"dropdowns","pagination_style":"classic","display_prices":"absolute","show_sorting_options":false,"show_filtering_options":false,"attribute_filter_ids":[],"select_action":"view","product_title_visible":false,"product_descr_visible":false,"product_price_visible":false,"product_thumb_visible":true,"subtotal_visible_product":true,"subtotal_visible_cart":true,"subtotal_visible_orders":true},{"id":"1682640151","title":"Gear Options","description":"","query_type":"product_ids","query_ids":[2757],"default_option_id":115389,"thumbnail_id":"","thumbnail_src":"","quantity_min":1,"quantity_max":1,"priced_individually":true,"shipped_individually":false,"optional":false,"discount":"","options_style":"dropdowns","pagination_style":"classic","display_prices":"absolute","show_sorting_options":false,"show_filtering_options":false,"attribute_filter_ids":[],"select_action":"view","product_title_visible":false,"product_descr_visible":false,"product_price_visible":false,"product_thumb_visible":true,"subtotal_visible_product":true,"subtotal_visible_cart":true,"subtotal_visible_orders":true},{"id":"1682640152","title":"Other Options","description":"","query_type":"product_ids","query_ids":[2780],"default_option_id":115368,"thumbnail_id":"","thumbnail_src":"","quantity_min":1,"quantity_max":1,"priced_individually":true,"shipped_individually":false,"optional":false,"discount":"","options_style":"dropdowns","pagination_style":"classic","display_prices":"absolute","show_sorting_options":false,"show_filtering_options":false,"attribute_filter_ids":[],"select_action":"view","product_title_visible":false,"product_descr_visible":false,"product_price_visible":false,"product_thumb_visible":true,"subtotal_visible_product":true,"subtotal_visible_cart":true,"subtotal_visible_orders":true},{"id":"1682640153","title":"Measurements","description":"","query_type":"product_ids","query_ids":[1877],"default_option_id":115431,"thumbnail_id":"","thumbnail_src":"","quantity_min":1,"quantity_max":1,"priced_individually":false,"shipped_individually":false,"optional":false,"discount":"","options_style":"dropdowns","pagination_style":"classic","display_prices":"absolute","show_sorting_options":false,"show_filtering_options":false,"attribute_filter_ids":[],"select_action":"view","product_title_visible":false,"product_descr_visible":true,"product_price_visible":false,"product_thumb_visible":true,"subtotal_visible_product":false,"subtotal_visible_cart":false,"subtotal_visible_orders":false}],"composite_scenarios":[],"bundled_by":[],"bundle_stock_status":"instock","bundle_stock_quantity":null,"bundle_virtual":false,"bundle_layout":"","bundle_add_to_cart_form_location":"","bundle_editable_in_cart":false,"bundle_sold_individually_context":"","bundle_item_grouping":"","bundle_min_size":"","bundle_max_size":"","bundle_price":[],"bundled_items":[],"bundle_sell_ids":[],"acf":[],"yoast_head":"<!-- This site is optimized with the Yoast SEO plugin v27.5 - https:\/\/yoast.com\/product\/yoast-seo-wordpress\/ -->\n<title>Alpha M9 - Velomobile World<\/title>\n<meta name=\"robots\" content=\"index, follow, max-snippet:-1, max-image-preview:large, max-video-preview:-1\" \/>\n<link rel=\"canonical\" href=\"https:\/\/www.velomobileworld.com\/fr\/product\/alpha-m9\/\" \/>\n<meta property=\"og:locale\" content=\"fr_FR\" \/>\n<meta property=\"og:type\" content=\"article\" \/>\n<meta property=\"og:title\" content=\"Alpha M9 - Velomobile World\" \/>\n<meta property=\"og:description\" content=\"Le velomobile Alpha M9 combine la praticit\u00e9 quotidienne et la performance cycliste de haut niveau dans un design \u00e9pur\u00e9 en fibre de carbone. Avec une a\u00e9rodynamique exceptionnelle, un grand espace de rangement et une position de conduite confortable, il est parfait tant pour les trajets quotidiens que pour les randonn\u00e9es longues distances. L&#039;M9 s&#039;adapte aux conducteurs mesurant de 165 cm \u00e0 195 cm et offre une stabilit\u00e9 in\u00e9gal\u00e9e ainsi qu&#039;une protection contre les intemp\u00e9ries tout en maintenant une maniabilit\u00e9 facile \u00e0 travers les portes standard.  \u00c0 partir de : 10 868 EURO hors taxes \u2013 l\u00e0 o\u00f9 la performance et la passion se rencontrent.\" \/>\n<meta property=\"og:url\" content=\"https:\/\/www.velomobileworld.com\/fr\/product\/alpha-m9\/\" \/>\n<meta property=\"og:site_name\" content=\"Velomobile World\" \/>\n<meta property=\"article:modified_time\" content=\"2026-02-19T06:31:10+00:00\" \/>\n<meta property=\"og:image\" content=\"https:\/\/www.velomobileworld.com\/wp-content\/uploads\/2024\/10\/5.png\" \/>\n\t<meta property=\"og:image:width\" content=\"940\" \/>\n\t<meta property=\"og:image:height\" content=\"788\" \/>\n\t<meta property=\"og:image:type\" content=\"image\/png\" \/>\n<meta name=\"twitter:card\" content=\"summary_large_image\" \/>\n<meta name=\"twitter:label1\" content=\"Dur\u00e9e de lecture estim\u00e9e\" \/>\n\t<meta name=\"twitter:data1\" content=\"6 minutes\" \/>\n<script type=\"application\/ld+json\" class=\"yoast-schema-graph\">{\"@context\":\"https:\\\/\\\/schema.org\",\"@graph\":[{\"@type\":\"WebPage\",\"@id\":\"https:\\\/\\\/www.velomobileworld.com\\\/fr\\\/product\\\/alpha-m9\\\/\",\"url\":\"https:\\\/\\\/www.velomobileworld.com\\\/fr\\\/product\\\/alpha-m9\\\/\",\"name\":\"Alpha M9 - Velomobile World\",\"isPartOf\":{\"@id\":\"https:\\\/\\\/www.velomobileworld.com\\\/nl\\\/#website\"},\"primaryImageOfPage\":{\"@id\":\"https:\\\/\\\/www.velomobileworld.com\\\/fr\\\/product\\\/alpha-m9\\\/#primaryimage\"},\"image\":{\"@id\":\"https:\\\/\\\/www.velomobileworld.com\\\/fr\\\/product\\\/alpha-m9\\\/#primaryimage\"},\"thumbnailUrl\":\"https:\\\/\\\/www.velomobileworld.com\\\/wp-content\\\/uploads\\\/2024\\\/10\\\/5.png\",\"datePublished\":\"2024-10-16T11:11:24+00:00\",\"dateModified\":\"2026-02-19T06:31:10+00:00\",\"breadcrumb\":{\"@id\":\"https:\\\/\\\/www.velomobileworld.com\\\/fr\\\/product\\\/alpha-m9\\\/#breadcrumb\"},\"inLanguage\":\"fr-FR\",\"potentialAction\":[{\"@type\":\"ReadAction\",\"target\":[\"https:\\\/\\\/www.velomobileworld.com\\\/fr\\\/product\\\/alpha-m9\\\/\"]}]},{\"@type\":\"ImageObject\",\"inLanguage\":\"fr-FR\",\"@id\":\"https:\\\/\\\/www.velomobileworld.com\\\/fr\\\/product\\\/alpha-m9\\\/#primaryimage\",\"url\":\"https:\\\/\\\/www.velomobileworld.com\\\/wp-content\\\/uploads\\\/2024\\\/10\\\/5.png\",\"contentUrl\":\"https:\\\/\\\/www.velomobileworld.com\\\/wp-content\\\/uploads\\\/2024\\\/10\\\/5.png\",\"width\":940,\"height\":788},{\"@type\":\"BreadcrumbList\",\"@id\":\"https:\\\/\\\/www.velomobileworld.com\\\/fr\\\/product\\\/alpha-m9\\\/#breadcrumb\",\"itemListElement\":[{\"@type\":\"ListItem\",\"position\":1,\"name\":\"Home\",\"item\":\"https:\\\/\\\/www.velomobileworld.com\\\/fr\\\/\"},{\"@type\":\"ListItem\",\"position\":2,\"name\":\"Boutique\",\"item\":\"https:\\\/\\\/www.velomobileworld.com\\\/fr\\\/boutique\\\/\"},{\"@type\":\"ListItem\",\"position\":3,\"name\":\"Alpha M9\"}]},{\"@type\":\"WebSite\",\"@id\":\"https:\\\/\\\/www.velomobileworld.com\\\/nl\\\/#website\",\"url\":\"https:\\\/\\\/www.velomobileworld.com\\\/nl\\\/\",\"name\":\"Velomobile World\",\"description\":\"\",\"potentialAction\":[{\"@type\":\"SearchAction\",\"target\":{\"@type\":\"EntryPoint\",\"urlTemplate\":\"https:\\\/\\\/www.velomobileworld.com\\\/nl\\\/?s={search_term_string}\"},\"query-input\":{\"@type\":\"PropertyValueSpecification\",\"valueRequired\":true,\"valueName\":\"search_term_string\"}}],\"inLanguage\":\"fr-FR\"}]}<\/script>\n<!-- \/ Yoast SEO plugin. -->","yoast_head_json":{"title":"Alpha M9 - Velomobile World","robots":{"index":"index","follow":"follow","max-snippet":"max-snippet:-1","max-image-preview":"max-image-preview:large","max-video-preview":"max-video-preview:-1"},"canonical":"https:\/\/www.velomobileworld.com\/fr\/product\/alpha-m9\/","og_locale":"fr_FR","og_type":"article","og_title":"Alpha M9 - Velomobile World","og_description":"Le velomobile Alpha M9 combine la praticit\u00e9 quotidienne et la performance cycliste de haut niveau dans un design \u00e9pur\u00e9 en fibre de carbone. Avec une a\u00e9rodynamique exceptionnelle, un grand espace de rangement et une position de conduite confortable, il est parfait tant pour les trajets quotidiens que pour les randonn\u00e9es longues distances. L'M9 s'adapte aux conducteurs mesurant de 165 cm \u00e0 195 cm et offre une stabilit\u00e9 in\u00e9gal\u00e9e ainsi qu'une protection contre les intemp\u00e9ries tout en maintenant une maniabilit\u00e9 facile \u00e0 travers les portes standard.  \u00c0 partir de : 10 868 EURO hors taxes \u2013 l\u00e0 o\u00f9 la performance et la passion se rencontrent.","og_url":"https:\/\/www.velomobileworld.com\/fr\/product\/alpha-m9\/","og_site_name":"Velomobile World","article_modified_time":"2026-02-19T06:31:10+00:00","og_image":[{"width":940,"height":788,"url":"https:\/\/www.velomobileworld.com\/wp-content\/uploads\/2024\/10\/5.png","type":"image\/png"}],"twitter_card":"summary_large_image","twitter_misc":{"Dur\u00e9e de lecture estim\u00e9e":"6 minutes"},"schema":{"@context":"https:\/\/schema.org","@graph":[{"@type":"WebPage","@id":"https:\/\/www.velomobileworld.com\/fr\/product\/alpha-m9\/","url":"https:\/\/www.velomobileworld.com\/fr\/product\/alpha-m9\/","name":"Alpha M9 - Velomobile World","isPartOf":{"@id":"https:\/\/www.velomobileworld.com\/nl\/#website"},"primaryImageOfPage":{"@id":"https:\/\/www.velomobileworld.com\/fr\/product\/alpha-m9\/#primaryimage"},"image":{"@id":"https:\/\/www.velomobileworld.com\/fr\/product\/alpha-m9\/#primaryimage"},"thumbnailUrl":"https:\/\/www.velomobileworld.com\/wp-content\/uploads\/2024\/10\/5.png","datePublished":"2024-10-16T11:11:24+00:00","dateModified":"2026-02-19T06:31:10+00:00","breadcrumb":{"@id":"https:\/\/www.velomobileworld.com\/fr\/product\/alpha-m9\/#breadcrumb"},"inLanguage":"fr-FR","potentialAction":[{"@type":"ReadAction","target":["https:\/\/www.velomobileworld.com\/fr\/product\/alpha-m9\/"]}]},{"@type":"ImageObject","inLanguage":"fr-FR","@id":"https:\/\/www.velomobileworld.com\/fr\/product\/alpha-m9\/#primaryimage","url":"https:\/\/www.velomobileworld.com\/wp-content\/uploads\/2024\/10\/5.png","contentUrl":"https:\/\/www.velomobileworld.com\/wp-content\/uploads\/2024\/10\/5.png","width":940,"height":788},{"@type":"BreadcrumbList","@id":"https:\/\/www.velomobileworld.com\/fr\/product\/alpha-m9\/#breadcrumb","itemListElement":[{"@type":"ListItem","position":1,"name":"Home","item":"https:\/\/www.velomobileworld.com\/fr\/"},{"@type":"ListItem","position":2,"name":"Boutique","item":"https:\/\/www.velomobileworld.com\/fr\/boutique\/"},{"@type":"ListItem","position":3,"name":"Alpha M9"}]},{"@type":"WebSite","@id":"https:\/\/www.velomobileworld.com\/nl\/#website","url":"https:\/\/www.velomobileworld.com\/nl\/","name":"Velomobile World","description":"","potentialAction":[{"@type":"SearchAction","target":{"@type":"EntryPoint","urlTemplate":"https:\/\/www.velomobileworld.com\/nl\/?s={search_term_string}"},"query-input":{"@type":"PropertyValueSpecification","valueRequired":true,"valueName":"search_term_string"}}],"inLanguage":"fr-FR"}]}},"_links":{"self":[{"href":"https:\/\/www.velomobileworld.com\/fr\/wp-json\/wp\/v2\/product\/97967","targetHints":{"allow":["GET"]}}],"collection":[{"href":"https:\/\/www.velomobileworld.com\/fr\/wp-json\/wp\/v2\/product"}],"about":[{"href":"https:\/\/www.velomobileworld.com\/fr\/wp-json\/wp\/v2\/types\/product"}],"wp:featuredmedia":[{"embeddable":true,"href":"https:\/\/www.velomobileworld.com\/fr\/wp-json\/wp\/v2\/media\/76990"}],"wp:attachment":[{"href":"https:\/\/www.velomobileworld.com\/fr\/wp-json\/wp\/v2\/media?parent=97967"}],"wp:term":[{"taxonomy":"product_brand","embeddable":true,"href":"https:\/\/www.velomobileworld.com\/fr\/wp-json\/wp\/v2\/product_brand?post=97967"},{"taxonomy":"product_cat","embeddable":true,"href":"https:\/\/www.velomobileworld.com\/fr\/wp-json\/wp\/v2\/product_cat?post=97967"},{"taxonomy":"product_tag","embeddable":true,"href":"https:\/\/www.velomobileworld.com\/fr\/wp-json\/wp\/v2\/product_tag?post=97967"}],"curies":[{"name":"wp","href":"https:\/\/api.w.org\/{rel}","templated":true}]}}