{"id":98182,"date":"2025-01-24T14:33:04","date_gmt":"2025-01-24T13:33:04","guid":{"rendered":"https:\/\/www.velomobileworld.com\/faq\/cum-se-comporta-alpha-9-2-in-diferite-conditii-meteorologice\/"},"modified":"2025-01-24T14:33:04","modified_gmt":"2025-01-24T13:33:04","slug":"cum-se-comporta-alpha-9-2-in-diferite-conditii-meteorologice","status":"publish","type":"faq","link":"https:\/\/www.velomobileworld.com\/ro\/faq\/cum-se-comporta-alpha-9-2-in-diferite-conditii-meteorologice\/","title":{"rendered":"Cum se comport\u0103 Alpha 9.2 \u00een diferite condi\u021bii meteorologice?"},"content":{"rendered":"<p>Sistemul de capot\u0103 bine g\u00e2ndit previne aburirea \u00een vreme rece sau umed\u0103, iar pasajele \u00eenchise ale ro\u021bilor ofer\u0103 protec\u021bie \u00eempotriva stropilor. Designul asigur\u0103 stabilitate chiar \u0219i \u00een condi\u021bii de v\u00e2nt lateral.<\/p>\n","protected":false},"featured_media":0,"template":"","faqs_cat":[719],"class_list":["post-98182","faq","type-faq","status-publish","hentry","faqs_cat-alpha-9-2"],"acf":[],"yoast_head":"<!-- This site is optimized with the Yoast SEO plugin v27.5 - https:\/\/yoast.com\/product\/yoast-seo-wordpress\/ -->\n<title>Cum se comport\u0103 Alpha 9.2 \u00een diferite condi\u021bii meteorologice? - Velomobile World<\/title>\n<meta name=\"robots\" content=\"index, follow, max-snippet:-1, max-image-preview:large, max-video-preview:-1\" \/>\n<link rel=\"canonical\" href=\"https:\/\/www.velomobileworld.com\/faq\/cum-se-comporta-alpha-9-2-in-diferite-conditii-meteorologice\/\" \/>\n<meta property=\"og:locale\" content=\"ro_RO\" \/>\n<meta property=\"og:type\" content=\"article\" \/>\n<meta property=\"og:title\" content=\"Cum se comport\u0103 Alpha 9.2 \u00een diferite condi\u021bii meteorologice? - Velomobile World\" \/>\n<meta property=\"og:description\" content=\"Sistemul de capot\u0103 bine g\u00e2ndit previne aburirea \u00een vreme rece sau umed\u0103, iar pasajele \u00eenchise ale ro\u021bilor ofer\u0103 protec\u021bie \u00eempotriva [&hellip;]\" \/>\n<meta property=\"og:url\" content=\"https:\/\/www.velomobileworld.com\/faq\/cum-se-comporta-alpha-9-2-in-diferite-conditii-meteorologice\/\" \/>\n<meta property=\"og:site_name\" content=\"Velomobile World\" \/>\n<meta name=\"twitter:card\" content=\"summary_large_image\" \/>\n<script type=\"application\/ld+json\" class=\"yoast-schema-graph\">{\"@context\":\"https:\\\/\\\/schema.org\",\"@graph\":[{\"@type\":\"WebPage\",\"@id\":\"https:\\\/\\\/www.velomobileworld.com\\\/faq\\\/cum-se-comporta-alpha-9-2-in-diferite-conditii-meteorologice\\\/\",\"url\":\"https:\\\/\\\/www.velomobileworld.com\\\/faq\\\/cum-se-comporta-alpha-9-2-in-diferite-conditii-meteorologice\\\/\",\"name\":\"Cum se comport\u0103 Alpha 9.2 \u00een diferite condi\u021bii meteorologice? - Velomobile World\",\"isPartOf\":{\"@id\":\"https:\\\/\\\/www.velomobileworld.com\\\/nl\\\/#website\"},\"datePublished\":\"2025-01-24T13:33:04+00:00\",\"breadcrumb\":{\"@id\":\"https:\\\/\\\/www.velomobileworld.com\\\/faq\\\/cum-se-comporta-alpha-9-2-in-diferite-conditii-meteorologice\\\/#breadcrumb\"},\"inLanguage\":\"ro-RO\",\"potentialAction\":[{\"@type\":\"ReadAction\",\"target\":[\"https:\\\/\\\/www.velomobileworld.com\\\/faq\\\/cum-se-comporta-alpha-9-2-in-diferite-conditii-meteorologice\\\/\"]}]},{\"@type\":\"BreadcrumbList\",\"@id\":\"https:\\\/\\\/www.velomobileworld.com\\\/faq\\\/cum-se-comporta-alpha-9-2-in-diferite-conditii-meteorologice\\\/#breadcrumb\",\"itemListElement\":[{\"@type\":\"ListItem\",\"position\":1,\"name\":\"Home\",\"item\":\"https:\\\/\\\/www.velomobileworld.com\\\/\"},{\"@type\":\"ListItem\",\"position\":2,\"name\":\"FAQ\",\"item\":\"https:\\\/\\\/www.velomobileworld.com\\\/faq\\\/\"},{\"@type\":\"ListItem\",\"position\":3,\"name\":\"Cum se comport\u0103 Alpha 9.2 \u00een diferite condi\u021bii meteorologice?\"}]},{\"@type\":\"WebSite\",\"@id\":\"https:\\\/\\\/www.velomobileworld.com\\\/nl\\\/#website\",\"url\":\"https:\\\/\\\/www.velomobileworld.com\\\/nl\\\/\",\"name\":\"Velomobile World\",\"description\":\"\",\"potentialAction\":[{\"@type\":\"SearchAction\",\"target\":{\"@type\":\"EntryPoint\",\"urlTemplate\":\"https:\\\/\\\/www.velomobileworld.com\\\/nl\\\/?s={search_term_string}\"},\"query-input\":{\"@type\":\"PropertyValueSpecification\",\"valueRequired\":true,\"valueName\":\"search_term_string\"}}],\"inLanguage\":\"ro-RO\"}]}<\/script>\n<!-- \/ Yoast SEO plugin. -->","yoast_head_json":{"title":"Cum se comport\u0103 Alpha 9.2 \u00een diferite condi\u021bii meteorologice? - Velomobile World","robots":{"index":"index","follow":"follow","max-snippet":"max-snippet:-1","max-image-preview":"max-image-preview:large","max-video-preview":"max-video-preview:-1"},"canonical":"https:\/\/www.velomobileworld.com\/faq\/cum-se-comporta-alpha-9-2-in-diferite-conditii-meteorologice\/","og_locale":"ro_RO","og_type":"article","og_title":"Cum se comport\u0103 Alpha 9.2 \u00een diferite condi\u021bii meteorologice? - Velomobile World","og_description":"Sistemul de capot\u0103 bine g\u00e2ndit previne aburirea \u00een vreme rece sau umed\u0103, iar pasajele \u00eenchise ale ro\u021bilor ofer\u0103 protec\u021bie \u00eempotriva [&hellip;]","og_url":"https:\/\/www.velomobileworld.com\/faq\/cum-se-comporta-alpha-9-2-in-diferite-conditii-meteorologice\/","og_site_name":"Velomobile World","twitter_card":"summary_large_image","schema":{"@context":"https:\/\/schema.org","@graph":[{"@type":"WebPage","@id":"https:\/\/www.velomobileworld.com\/faq\/cum-se-comporta-alpha-9-2-in-diferite-conditii-meteorologice\/","url":"https:\/\/www.velomobileworld.com\/faq\/cum-se-comporta-alpha-9-2-in-diferite-conditii-meteorologice\/","name":"Cum se comport\u0103 Alpha 9.2 \u00een diferite condi\u021bii meteorologice? - Velomobile World","isPartOf":{"@id":"https:\/\/www.velomobileworld.com\/nl\/#website"},"datePublished":"2025-01-24T13:33:04+00:00","breadcrumb":{"@id":"https:\/\/www.velomobileworld.com\/faq\/cum-se-comporta-alpha-9-2-in-diferite-conditii-meteorologice\/#breadcrumb"},"inLanguage":"ro-RO","potentialAction":[{"@type":"ReadAction","target":["https:\/\/www.velomobileworld.com\/faq\/cum-se-comporta-alpha-9-2-in-diferite-conditii-meteorologice\/"]}]},{"@type":"BreadcrumbList","@id":"https:\/\/www.velomobileworld.com\/faq\/cum-se-comporta-alpha-9-2-in-diferite-conditii-meteorologice\/#breadcrumb","itemListElement":[{"@type":"ListItem","position":1,"name":"Home","item":"https:\/\/www.velomobileworld.com\/"},{"@type":"ListItem","position":2,"name":"FAQ","item":"https:\/\/www.velomobileworld.com\/faq\/"},{"@type":"ListItem","position":3,"name":"Cum se comport\u0103 Alpha 9.2 \u00een diferite condi\u021bii meteorologice?"}]},{"@type":"WebSite","@id":"https:\/\/www.velomobileworld.com\/nl\/#website","url":"https:\/\/www.velomobileworld.com\/nl\/","name":"Velomobile World","description":"","potentialAction":[{"@type":"SearchAction","target":{"@type":"EntryPoint","urlTemplate":"https:\/\/www.velomobileworld.com\/nl\/?s={search_term_string}"},"query-input":{"@type":"PropertyValueSpecification","valueRequired":true,"valueName":"search_term_string"}}],"inLanguage":"ro-RO"}]}},"_links":{"self":[{"href":"https:\/\/www.velomobileworld.com\/ro\/wp-json\/wp\/v2\/faq\/98182","targetHints":{"allow":["GET"]}}],"collection":[{"href":"https:\/\/www.velomobileworld.com\/ro\/wp-json\/wp\/v2\/faq"}],"about":[{"href":"https:\/\/www.velomobileworld.com\/ro\/wp-json\/wp\/v2\/types\/faq"}],"wp:attachment":[{"href":"https:\/\/www.velomobileworld.com\/ro\/wp-json\/wp\/v2\/media?parent=98182"}],"wp:term":[{"taxonomy":"faqs_cat","embeddable":true,"href":"https:\/\/www.velomobileworld.com\/ro\/wp-json\/wp\/v2\/faqs_cat?post=98182"}],"curies":[{"name":"wp","href":"https:\/\/api.w.org\/{rel}","templated":true}]}}