{"id":98296,"date":"2024-12-10T16:30:41","date_gmt":"2024-12-10T15:30:41","guid":{"rendered":"https:\/\/www.velomobileworld.com\/faq\/ce-face-ca-bulk-mk1-sa-fie-atat-de-rapida\/"},"modified":"2024-12-10T16:30:41","modified_gmt":"2024-12-10T15:30:41","slug":"ce-face-ca-bulk-mk1-sa-fie-atat-de-rapida","status":"publish","type":"faq","link":"https:\/\/www.velomobileworld.com\/ro\/faq\/ce-face-ca-bulk-mk1-sa-fie-atat-de-rapida\/","title":{"rendered":"Ce face ca B\u00fclk MK1 s\u0103 fie at\u00e2t de rapid\u0103?"},"content":{"rendered":"<p>Viteza excep\u021bional\u0103 provine dintr-un design aerodinamic avansat, verificat \u00een tunel de v\u00e2nt. Designul semilaminar cu prova aplatizat\u0103 minimizeaz\u0103 rezisten\u021ba aerodinamic\u0103, \u00een timp ce construc\u021bia rigid\u0103 din fibr\u0103 de carbon \u0219i transmisia optimizat\u0103 asigur\u0103 c\u0103 efortul t\u0103u se transform\u0103 direct \u00een vitez\u0103.<\/p>\n","protected":false},"featured_media":0,"template":"","faqs_cat":[716],"class_list":["post-98296","faq","type-faq","status-publish","hentry","faqs_cat-bulk-mk1"],"acf":[],"yoast_head":"<!-- This site is optimized with the Yoast SEO plugin v27.5 - https:\/\/yoast.com\/product\/yoast-seo-wordpress\/ -->\n<title>Ce face ca B\u00fclk MK1 s\u0103 fie at\u00e2t de rapid\u0103? - Velomobile World<\/title>\n<meta name=\"robots\" content=\"index, follow, max-snippet:-1, max-image-preview:large, max-video-preview:-1\" \/>\n<link rel=\"canonical\" href=\"https:\/\/www.velomobileworld.com\/faq\/ce-face-ca-bulk-mk1-sa-fie-atat-de-rapida\/\" \/>\n<meta property=\"og:locale\" content=\"ro_RO\" \/>\n<meta property=\"og:type\" content=\"article\" \/>\n<meta property=\"og:title\" content=\"Ce face ca B\u00fclk MK1 s\u0103 fie at\u00e2t de rapid\u0103? - Velomobile World\" \/>\n<meta property=\"og:description\" content=\"Viteza excep\u021bional\u0103 provine dintr-un design aerodinamic avansat, verificat \u00een tunel de v\u00e2nt. Designul semilaminar cu prova aplatizat\u0103 minimizeaz\u0103 rezisten\u021ba aerodinamic\u0103, [&hellip;]\" \/>\n<meta property=\"og:url\" content=\"https:\/\/www.velomobileworld.com\/faq\/ce-face-ca-bulk-mk1-sa-fie-atat-de-rapida\/\" \/>\n<meta property=\"og:site_name\" content=\"Velomobile World\" \/>\n<meta name=\"twitter:card\" content=\"summary_large_image\" \/>\n<script type=\"application\/ld+json\" class=\"yoast-schema-graph\">{\"@context\":\"https:\\\/\\\/schema.org\",\"@graph\":[{\"@type\":\"WebPage\",\"@id\":\"https:\\\/\\\/www.velomobileworld.com\\\/faq\\\/ce-face-ca-bulk-mk1-sa-fie-atat-de-rapida\\\/\",\"url\":\"https:\\\/\\\/www.velomobileworld.com\\\/faq\\\/ce-face-ca-bulk-mk1-sa-fie-atat-de-rapida\\\/\",\"name\":\"Ce face ca B\u00fclk MK1 s\u0103 fie at\u00e2t de rapid\u0103? - Velomobile World\",\"isPartOf\":{\"@id\":\"https:\\\/\\\/www.velomobileworld.com\\\/nl\\\/#website\"},\"datePublished\":\"2024-12-10T15:30:41+00:00\",\"breadcrumb\":{\"@id\":\"https:\\\/\\\/www.velomobileworld.com\\\/faq\\\/ce-face-ca-bulk-mk1-sa-fie-atat-de-rapida\\\/#breadcrumb\"},\"inLanguage\":\"ro-RO\",\"potentialAction\":[{\"@type\":\"ReadAction\",\"target\":[\"https:\\\/\\\/www.velomobileworld.com\\\/faq\\\/ce-face-ca-bulk-mk1-sa-fie-atat-de-rapida\\\/\"]}]},{\"@type\":\"BreadcrumbList\",\"@id\":\"https:\\\/\\\/www.velomobileworld.com\\\/faq\\\/ce-face-ca-bulk-mk1-sa-fie-atat-de-rapida\\\/#breadcrumb\",\"itemListElement\":[{\"@type\":\"ListItem\",\"position\":1,\"name\":\"Home\",\"item\":\"https:\\\/\\\/www.velomobileworld.com\\\/\"},{\"@type\":\"ListItem\",\"position\":2,\"name\":\"FAQ\",\"item\":\"https:\\\/\\\/www.velomobileworld.com\\\/faq\\\/\"},{\"@type\":\"ListItem\",\"position\":3,\"name\":\"Ce face ca B\u00fclk MK1 s\u0103 fie at\u00e2t de rapid\u0103?\"}]},{\"@type\":\"WebSite\",\"@id\":\"https:\\\/\\\/www.velomobileworld.com\\\/nl\\\/#website\",\"url\":\"https:\\\/\\\/www.velomobileworld.com\\\/nl\\\/\",\"name\":\"Velomobile World\",\"description\":\"\",\"potentialAction\":[{\"@type\":\"SearchAction\",\"target\":{\"@type\":\"EntryPoint\",\"urlTemplate\":\"https:\\\/\\\/www.velomobileworld.com\\\/nl\\\/?s={search_term_string}\"},\"query-input\":{\"@type\":\"PropertyValueSpecification\",\"valueRequired\":true,\"valueName\":\"search_term_string\"}}],\"inLanguage\":\"ro-RO\"}]}<\/script>\n<!-- \/ Yoast SEO plugin. -->","yoast_head_json":{"title":"Ce face ca B\u00fclk MK1 s\u0103 fie at\u00e2t de rapid\u0103? - Velomobile World","robots":{"index":"index","follow":"follow","max-snippet":"max-snippet:-1","max-image-preview":"max-image-preview:large","max-video-preview":"max-video-preview:-1"},"canonical":"https:\/\/www.velomobileworld.com\/faq\/ce-face-ca-bulk-mk1-sa-fie-atat-de-rapida\/","og_locale":"ro_RO","og_type":"article","og_title":"Ce face ca B\u00fclk MK1 s\u0103 fie at\u00e2t de rapid\u0103? - Velomobile World","og_description":"Viteza excep\u021bional\u0103 provine dintr-un design aerodinamic avansat, verificat \u00een tunel de v\u00e2nt. Designul semilaminar cu prova aplatizat\u0103 minimizeaz\u0103 rezisten\u021ba aerodinamic\u0103, [&hellip;]","og_url":"https:\/\/www.velomobileworld.com\/faq\/ce-face-ca-bulk-mk1-sa-fie-atat-de-rapida\/","og_site_name":"Velomobile World","twitter_card":"summary_large_image","schema":{"@context":"https:\/\/schema.org","@graph":[{"@type":"WebPage","@id":"https:\/\/www.velomobileworld.com\/faq\/ce-face-ca-bulk-mk1-sa-fie-atat-de-rapida\/","url":"https:\/\/www.velomobileworld.com\/faq\/ce-face-ca-bulk-mk1-sa-fie-atat-de-rapida\/","name":"Ce face ca B\u00fclk MK1 s\u0103 fie at\u00e2t de rapid\u0103? - Velomobile World","isPartOf":{"@id":"https:\/\/www.velomobileworld.com\/nl\/#website"},"datePublished":"2024-12-10T15:30:41+00:00","breadcrumb":{"@id":"https:\/\/www.velomobileworld.com\/faq\/ce-face-ca-bulk-mk1-sa-fie-atat-de-rapida\/#breadcrumb"},"inLanguage":"ro-RO","potentialAction":[{"@type":"ReadAction","target":["https:\/\/www.velomobileworld.com\/faq\/ce-face-ca-bulk-mk1-sa-fie-atat-de-rapida\/"]}]},{"@type":"BreadcrumbList","@id":"https:\/\/www.velomobileworld.com\/faq\/ce-face-ca-bulk-mk1-sa-fie-atat-de-rapida\/#breadcrumb","itemListElement":[{"@type":"ListItem","position":1,"name":"Home","item":"https:\/\/www.velomobileworld.com\/"},{"@type":"ListItem","position":2,"name":"FAQ","item":"https:\/\/www.velomobileworld.com\/faq\/"},{"@type":"ListItem","position":3,"name":"Ce face ca B\u00fclk MK1 s\u0103 fie at\u00e2t de rapid\u0103?"}]},{"@type":"WebSite","@id":"https:\/\/www.velomobileworld.com\/nl\/#website","url":"https:\/\/www.velomobileworld.com\/nl\/","name":"Velomobile World","description":"","potentialAction":[{"@type":"SearchAction","target":{"@type":"EntryPoint","urlTemplate":"https:\/\/www.velomobileworld.com\/nl\/?s={search_term_string}"},"query-input":{"@type":"PropertyValueSpecification","valueRequired":true,"valueName":"search_term_string"}}],"inLanguage":"ro-RO"}]}},"_links":{"self":[{"href":"https:\/\/www.velomobileworld.com\/ro\/wp-json\/wp\/v2\/faq\/98296","targetHints":{"allow":["GET"]}}],"collection":[{"href":"https:\/\/www.velomobileworld.com\/ro\/wp-json\/wp\/v2\/faq"}],"about":[{"href":"https:\/\/www.velomobileworld.com\/ro\/wp-json\/wp\/v2\/types\/faq"}],"wp:attachment":[{"href":"https:\/\/www.velomobileworld.com\/ro\/wp-json\/wp\/v2\/media?parent=98296"}],"wp:term":[{"taxonomy":"faqs_cat","embeddable":true,"href":"https:\/\/www.velomobileworld.com\/ro\/wp-json\/wp\/v2\/faqs_cat?post=98296"}],"curies":[{"name":"wp","href":"https:\/\/api.w.org\/{rel}","templated":true}]}}